{"id":204,"date":"2023-12-31T20:00:00","date_gmt":"2023-12-31T20:00:00","guid":{"rendered":"http:\/\/feuerwehr-meinsdorf.de\/?page_id=204"},"modified":"2023-02-27T17:22:48","modified_gmt":"2023-02-27T17:22:48","slug":"100-jahre-feuerwehr-meinsdorf-heft-2","status":"publish","type":"page","link":"https:\/\/feuerwehr-meinsdorf.de\/?page_id=204","title":{"rendered":"100 Jahre Feuerwehr Meinsdorf &#8211; Heft 2"},"content":{"rendered":"<p>&nbsp;<\/p>\n<p><img loading=\"lazy\" decoding=\"async\" class=\"aligncenter\" src=\"http:\/\/alt.feuerwehr-meinsdorf.de\/media\/archive1\/chronik_100_ffw_meinsdorf_hefte\/Heft2Seite1.jpg\" alt=\"\" width=\"680\" height=\"964\"><\/p>\n<ul>\n<li style=\"text-align: left;\">&#8230;. Die erste Versammlung nach dem Zweiten Weltkrieg wurde am 24. November 1945 durchgef\u00fchrt. Unsere Wehr verf\u00fcgte damals \u00fcber ein kleines Ger\u00e4tehaus in der Kohlenstra\u00dfe. Bei \u00dcbungen und Eins\u00e4tzen wurde die Spritze mit dem Lieferwagen des Fleischermeisters Otto Schmidt gezogen. Die Nachkriegszeit wurde unter schweren Bedingungen \u00fcberstanden und so nahm man Ende der 50er Jahre, am 22. November 1959, ein zweites kleines Ger\u00e4tehaus, ebenfalls in der Kohlenstra\u00dfe, in Betrieb.<\/li>\n<\/ul>\n<p><img loading=\"lazy\" decoding=\"async\" class=\"alignleft wp-image-267 size-medium\" src=\"http:\/\/feuerwehr-meinsdorf.de\/wp-content\/uploads\/2018\/06\/Ger\u00e4tehaus-300x198.jpg\" alt=\"\" width=\"300\" height=\"198\" srcset=\"https:\/\/feuerwehr-meinsdorf.de\/wp-content\/uploads\/2018\/06\/Ger\u00e4tehaus-300x198.jpg 300w, https:\/\/feuerwehr-meinsdorf.de\/wp-content\/uploads\/2018\/06\/Ger\u00e4tehaus.jpg 486w\" sizes=\"(max-width: 300px) 100vw, 300px\" \/><\/p>\n<p>&nbsp;<\/p>\n<p>&nbsp;<\/p>\n<p><strong>Ger\u00e4tehaus<\/strong><br \/>\n<strong>der FFW Meinsdorf<\/strong><br \/>\n<strong>in der Kohlenstra\u00dfe<\/strong><br \/>\n<strong>22. November 1959<\/strong><\/p>\n<p>Im Jahre 1962, genau am 16. November, wurde durch uns die erste Frauenbrandschutzgruppe des Kreises Ro\u00dflau gebildet. In dieser Gruppe waren 12 Kameradinnen vertreten, deren M\u00e4nner ebenfalls alle Mitglieder der Wehr waren. 5 Kameraden davon sind heute noch Mitglied der Wehr. Dies sind: Waltraud Kreiseler, Vera Maring, Annemarie Schr\u00f6dter, Anneliese Seidel und Gerda Wollmann. F\u00fcr die T\u00e4tigkeit der Frauen standen die Aufgaben im vorbeugenden Brandschutz im Mittelpunkt, wo sie auch hervorragende Aufkl\u00e4rungs- und Kontrollarbeit geleistet haben. Es gelang die in der Gemeinde vorhandenen Betriebe, Institutionen und Wohnungen in regelm\u00e4\u00dfigen Abst\u00e4nden zu \u00fcberpr\u00fcfen. Dabei konnten die M\u00e4ngel und damit Gefahrenquellen aufgedeckt und beseitigt werden. Die T\u00e4tigkeit stand unter dem Motto <strong>\u201e Aufkl\u00e4rung und Kontrolle im Brandschutz ist besser als L\u00f6schen\u201c<\/strong>.<\/p>\n<hr>\n<p style=\"text-align: center;\"><strong>2<\/strong><\/p>\n<p>Der Meinsdorfer Wehr gelang es auch, im darauf folgenden Jahr (1963), die erste Arbeitsgemeinschaft \u201eJunge Brandschutzhelfer\u201c im Kreis Ro\u00dflau zu gr\u00fcnden. Somit sind wir im ganzen Umfeld die Wehr mit der l\u00e4ngsten Tradition in der Jugendarbeit. Aus der AG \u201eJunge Brandschutzhelfer\u201c ist nach der Wende unsere derzeitige Jugendfeuerwehr hervorgegangen. Die Arbeit der Jugendfeuerwehr ist f\u00fcr die Gewinnung des Nachwuchses der Wehr von gr\u00f6\u00dfter Bedeutung. So ist es gelungen, da\u00df aus dieser Arbeitsgemeinschaft eine Reihe aktiver Feuerwehrleute herangewachsen sind. Gute Beispiele daf\u00fcr sind die, derzeit noch aktiven, Kameraden: Bernd Natho, Ralf Kreisler, Thomas Leps, Maik Behne, Kai Kunert, Erik Dreibrodt, Nicole Ewald, Patrick Schmidt, Ronald Hempel und Joachim Weder.<\/p>\n<p>In den L\u00f6schgruppen wird intensiv an der Ausbildung gearbeitet und an der Verbesserung der Ausr\u00fcstung und Technik. So erh\u00e4lt die Freiwillige Feuerwehr Meinsdorf 1966 das erste L\u00f6schfahrzeug mit Schlauchtransportanh\u00e4nger. Es handelte sich dabei um einen LF-LKW-TS8-STA. Dadurch konnte die Einsatzbereitschaft wesentlich verbessert werden. In den 70er Jahren \u00fcbernahm man dann ein neues L\u00f6schfahrzeug, welches einige Jahre sp\u00e4ter durch unseren heutigen LF 8-TS8-STA ersetzt wurde.<\/p>\n<p>&nbsp;<\/p>\n<p><img loading=\"lazy\" decoding=\"async\" class=\"alignleft wp-image-268 size-medium\" src=\"http:\/\/feuerwehr-meinsdorf.de\/wp-content\/uploads\/2018\/06\/Robur-207x300.jpg\" alt=\"\" width=\"207\" height=\"300\" srcset=\"https:\/\/feuerwehr-meinsdorf.de\/wp-content\/uploads\/2018\/06\/Robur-207x300.jpg 207w, https:\/\/feuerwehr-meinsdorf.de\/wp-content\/uploads\/2018\/06\/Robur.jpg 404w\" sizes=\"(max-width: 207px) 100vw, 207px\" \/><\/p>\n<p>&nbsp;<\/p>\n<p>&nbsp;<\/p>\n<p>&nbsp;<\/p>\n<p>&nbsp;<\/p>\n<p>&nbsp;<\/p>\n<p>&nbsp;<\/p>\n<p><strong>Robur Garant<\/strong><br \/>\n<strong>30 K<\/strong><\/p>\n<p>&nbsp;<\/p>\n<hr>\n<p style=\"text-align: center;\"><strong>3<\/strong><\/p>\n<p>&nbsp;&nbsp;&nbsp; In den folgenden Jahren stand die Erringung der Leistungsstufen im Mittelpunkt der Arbeit der Wehr. So werden 1969 die Kriterien der Leistungsstufe 2 und 1972 die der Leistungsstufe 1 erf\u00fcllt.<\/p>\n<p>Am 06. Oktober 1976 wird der Wehr der Titel <strong>\u201eVorbildliche Feuerwehr\u201c<\/strong> verliehen, der in den Folgejahren erfolgreich verteidigt werden konnte. Bei Aussscheiden auf Kreis- und Bezirksebene wurden durch gute Vorbereitung und hartem Training immer vordere Pl\u00e4tze erreicht. Neben den Ausbildungen wurden auch innerhalb der Gemeinde Arbeitseins\u00e4tze geleistet.<\/p>\n<p>Dabei wurden solche Objekte wie die Verbreiterung der Rosselbr\u00fccke an der ehemaligen M\u00fchle und der Bau der Br\u00fccke \u00fcber den Freibach an der Badeanstalt realisiert. Eine gro\u00dfe Herausforderung war der Bau unseres neuen Ger\u00e4tehauses im Jahre 1975, mit dem nun vorhandenen Sozialtrakt samt Gemeinschaftsr\u00e4umen (1986) &#8211; unsere heutige Wache in der Lindenstra\u00dfe.<\/p>\n<p>&nbsp;<\/p>\n<p style=\"text-align: center;\"><img loading=\"lazy\" decoding=\"async\" class=\"alignnone wp-image-269 aligncenter\" src=\"http:\/\/feuerwehr-meinsdorf.de\/wp-content\/uploads\/2018\/06\/Sozialtrakt-300x146.jpg\" alt=\"\" width=\"450\" height=\"219\" srcset=\"https:\/\/feuerwehr-meinsdorf.de\/wp-content\/uploads\/2018\/06\/Sozialtrakt-300x146.jpg 300w, https:\/\/feuerwehr-meinsdorf.de\/wp-content\/uploads\/2018\/06\/Sozialtrakt-768x375.jpg 768w, https:\/\/feuerwehr-meinsdorf.de\/wp-content\/uploads\/2018\/06\/Sozialtrakt-1024x499.jpg 1024w, https:\/\/feuerwehr-meinsdorf.de\/wp-content\/uploads\/2018\/06\/Sozialtrakt.jpg 1462w\" sizes=\"(max-width: 450px) 100vw, 450px\" \/><\/p>\n<p style=\"text-align: center;\"><strong>1986 wurde hier der Sozialtrakt fertiggestellt. In vielen Stunden der Freizeit schufen<\/strong><br \/>\n<strong>ihn die Kameraden dieser Wehr, aber auch&nbsp; B\u00fcrger des Ortsteiles.<\/strong><br \/>\n<strong>Insgesamt 5438 Einsatzstunden wurden geleistet.<\/strong><\/p>\n<hr>\n<p style=\"text-align: center;\"><strong>4<\/strong><\/p>\n<p>&nbsp;<\/p>\n<p style=\"text-align: left;\">&nbsp;&nbsp;&nbsp; Die Kameraden der Freiwilligen Feuerwehr Meinsdorf haben nat\u00fcrlich nicht nur \u00dcbungen und Arbeitss\u00e4tze zu erf\u00fcllen gehabt, sondern waren auch in ihrer eigentlichen Hauptaufgabe, der Brandbek\u00e4mpfung, oft im Einsatz. So wurden unter anderen folgende L\u00f6scheins\u00e4tze geleistet:<\/p>\n<p style=\"text-align: center;\">*Brand der Tischlerei in der Ro\u00dflauer Schiffswerft<br \/>\n* im DHW-ABS-Anlage, * Gie\u00dferei Liensdorf in Meinsdorf<br \/>\n* LPG M\u00fchlstedt &#8211; Kuhstall<br \/>\n* Rinderanlage Stackelitz<br \/>\n* Strohdiemenbrand in der Papierfabrik Coswig<br \/>\n* Gro\u00dfbrand S\u00e4gewerk Coswig<br \/>\n* Wohnhausbrand Ro\u00dflau Ecke Anhaltiner Platz<br \/>\n* Wohnhausbrand Meinsdorf Gleisdreieck<br \/>\n* Bungalowbrand Meinsdorf Hainichte<br \/>\n*Wohnhausbrand Meinsdorf Bergstra\u00dfe<br \/>\n*Jahrhundert-Hochwasser 2002<br \/>\n* Waldbrand Thie\u00dfen<br \/>\n* Brand Bahngeb\u00e4ude Streetzer Weg<\/p>\n<p style=\"text-align: left;\">&nbsp;&nbsp;&nbsp; Die Freiwillige Feuerwehr besteht jedoch nur nicht aus Pflichterf\u00fcllungen, sondern versteht es auch, H\u00f6hepunkte w\u00fcrdig zu begehen. So haben wir das 65 j\u00e4hrige Bestehen der Wehr im Speisesaal der Ro\u00dflauer Schiffswerft, sowie am 11. M\u00e4rz 1983 zum 70j\u00e4hrigen Bestehen in der Gastst\u00e4tte der Badeanstalt Meinsdorf, gefeiert. Am darauffolgenden Tag hatten wir zum Tag der offenen T\u00fcr eingeladen.<\/p>\n<p><img loading=\"lazy\" decoding=\"async\" class=\"alignnone wp-image-270 aligncenter\" src=\"http:\/\/feuerwehr-meinsdorf.de\/wp-content\/uploads\/2018\/06\/Gruppenbild-1-300x212.jpg\" alt=\"\" width=\"337\" height=\"238\" srcset=\"https:\/\/feuerwehr-meinsdorf.de\/wp-content\/uploads\/2018\/06\/Gruppenbild-1-300x212.jpg 300w, https:\/\/feuerwehr-meinsdorf.de\/wp-content\/uploads\/2018\/06\/Gruppenbild-1-768x543.jpg 768w, https:\/\/feuerwehr-meinsdorf.de\/wp-content\/uploads\/2018\/06\/Gruppenbild-1-1024x724.jpg 1024w, https:\/\/feuerwehr-meinsdorf.de\/wp-content\/uploads\/2018\/06\/Gruppenbild-1.jpg 1253w\" sizes=\"(max-width: 337px) 100vw, 337px\" \/><\/p>\n<p style=\"text-align: center;\"><strong>65-j\u00e4hriges Bestehen der FFw<\/strong><br \/>\n<strong>Feier im Speisesaal der Rosslauer Schiffswerft<\/strong><\/p>\n<p style=\"text-align: right;\"><strong>Fortsetzung folgt&#8230;.<\/strong><\/p>\n<hr>\n<p style=\"text-align: center;\"><strong>5<\/strong><\/p>\n<p>&nbsp;<\/p>\n<h2 style=\"text-align: center;\"><strong>Aktuelles aus der Wehr<\/strong><\/h2>\n<p style=\"text-align: left;\">&nbsp;&nbsp;&nbsp; Am 15. September 2012 f\u00fchrte unser Dorf das 12. Traditionelle Erntedankfest und die Grundschule den \u201eTag der offenen T\u00fcr\u201c durch. Am Abend zuvor wurde um 18.00 Uhr die Erntekrone durch die Unterst\u00fctzung der Freiwilligen Feuerwehr errichtet, Samstagmorgen um 10.00 Uhr begann der traditionelle Umzug; mit Spielmannzug, der Feuerwehr, dem Sch\u00fctzenverein, Kindern, Vereinen, der Grundschule, Anglern und dem Sport- &amp; Traditionsverein; durch das Dorf. Die FFW hat mit Ihrer Feldk\u00fcche wieder die Besucher bek\u00f6stigt und mit den Kindern Fahrten mit dem Feuerwehrauto durchgef\u00fchrt. Unsere Jugendfeuerwehr f\u00fchrte den Besuchern eine kleine Einsatz\u00fcbung nach der FwDV 3 \u201eEinheiten im L\u00f6sch- und Hilfeleistungseinsatz\u201c vor.<\/p>\n<p>&nbsp;<\/p>\n<p style=\"text-align: center;\"><strong>Die Erntekrone<\/strong><\/p>\n<p><img loading=\"lazy\" decoding=\"async\" class=\"alignnone size-medium wp-image-271 aligncenter\" src=\"http:\/\/feuerwehr-meinsdorf.de\/wp-content\/uploads\/2018\/06\/Erntekrone-300x225.jpg\" alt=\"\" width=\"300\" height=\"225\" srcset=\"https:\/\/feuerwehr-meinsdorf.de\/wp-content\/uploads\/2018\/06\/Erntekrone-300x225.jpg 300w, https:\/\/feuerwehr-meinsdorf.de\/wp-content\/uploads\/2018\/06\/Erntekrone-768x576.jpg 768w, https:\/\/feuerwehr-meinsdorf.de\/wp-content\/uploads\/2018\/06\/Erntekrone-1024x768.jpg 1024w, https:\/\/feuerwehr-meinsdorf.de\/wp-content\/uploads\/2018\/06\/Erntekrone.jpg 1600w\" sizes=\"(max-width: 300px) 100vw, 300px\" \/><\/p>\n<p><img loading=\"lazy\" decoding=\"async\" class=\"wp-image-272 size-medium alignleft\" src=\"http:\/\/feuerwehr-meinsdorf.de\/wp-content\/uploads\/2018\/06\/Einsatz-JFW-300x225.jpg\" alt=\"\" width=\"300\" height=\"225\" srcset=\"https:\/\/feuerwehr-meinsdorf.de\/wp-content\/uploads\/2018\/06\/Einsatz-JFW-300x225.jpg 300w, https:\/\/feuerwehr-meinsdorf.de\/wp-content\/uploads\/2018\/06\/Einsatz-JFW-768x576.jpg 768w, https:\/\/feuerwehr-meinsdorf.de\/wp-content\/uploads\/2018\/06\/Einsatz-JFW.jpg 1024w\" sizes=\"(max-width: 300px) 100vw, 300px\" \/><\/p>\n<p>&nbsp;<\/p>\n<p>&nbsp;<\/p>\n<p><strong>&nbsp;&nbsp;&nbsp;&nbsp;&nbsp;&nbsp;&nbsp;&nbsp;&nbsp;&nbsp;&nbsp;&nbsp;&nbsp;&nbsp;&nbsp;&nbsp;&nbsp;&nbsp;&nbsp;&nbsp;&nbsp;&nbsp;&nbsp;&nbsp;&nbsp;&nbsp;&nbsp;&nbsp;&nbsp;&nbsp;&nbsp;&nbsp;&nbsp;&nbsp;&nbsp;&nbsp;&nbsp;&nbsp;&nbsp;&nbsp;&nbsp;&nbsp;&nbsp;&nbsp;&nbsp;&nbsp;&nbsp;&nbsp;&nbsp;&nbsp;&nbsp;&nbsp;&nbsp;&nbsp;&nbsp;&nbsp;&nbsp;&nbsp;&nbsp;&nbsp;&nbsp;&nbsp;&nbsp;&nbsp;&nbsp;&nbsp; <\/strong><\/p>\n<p>&nbsp;<\/p>\n<p><strong>&nbsp; <\/strong><strong>Einsatz\u00fcbung der<\/strong><br \/>\n<strong>&nbsp; Jugendfeuerwehr<\/strong><\/p>\n<p>Am 20. Oktober haben wir zu einer Sponsorenfeier geladen. Wir sa\u00dfen in gem\u00fctlicher Runde<br \/>\nmit allen Kameraden und Sponsoren zusammen und haben bei Fassbier, Gl\u00fchwein und Grillschwein einen sch\u00f6nen Abend verbracht. Als Beilage zum deftigen Essen haben einige Kameradinnen ein abwechslungsreiches Buffet vorbereitet und liebevoll pr\u00e4sentiert. Ziel dieser Veranstaltung war es, unsere Pl\u00e4ne f\u00fcr das gro\u00dfe Jubil\u00e4umsjahr 2013 bekannt zu machen und um Mithilfe bei der Planung und Durchf\u00fchrung zu werben. Viele G\u00e4ste machten Vorschl\u00e4ge, brachten Ideen ein oder sicherten ihre Unterst\u00fctzung zu.<\/p>\n<p>&nbsp;<\/p>\n","protected":false},"excerpt":{"rendered":"<p>&nbsp; &#8230;. Die erste Versammlung nach dem Zweiten Weltkrieg wurde am 24. November 1945 durchgef\u00fchrt. Unsere Wehr verf\u00fcgte damals \u00fcber<\/p>\n","protected":false},"author":2,"featured_media":0,"parent":0,"menu_order":0,"comment_status":"closed","ping_status":"closed","template":"","meta":{"footnotes":""},"_links":{"self":[{"href":"https:\/\/feuerwehr-meinsdorf.de\/index.php?rest_route=\/wp\/v2\/pages\/204"}],"collection":[{"href":"https:\/\/feuerwehr-meinsdorf.de\/index.php?rest_route=\/wp\/v2\/pages"}],"about":[{"href":"https:\/\/feuerwehr-meinsdorf.de\/index.php?rest_route=\/wp\/v2\/types\/page"}],"author":[{"embeddable":true,"href":"https:\/\/feuerwehr-meinsdorf.de\/index.php?rest_route=\/wp\/v2\/users\/2"}],"replies":[{"embeddable":true,"href":"https:\/\/feuerwehr-meinsdorf.de\/index.php?rest_route=%2Fwp%2Fv2%2Fcomments&post=204"}],"version-history":[{"count":15,"href":"https:\/\/feuerwehr-meinsdorf.de\/index.php?rest_route=\/wp\/v2\/pages\/204\/revisions"}],"predecessor-version":[{"id":488,"href":"https:\/\/feuerwehr-meinsdorf.de\/index.php?rest_route=\/wp\/v2\/pages\/204\/revisions\/488"}],"wp:attachment":[{"href":"https:\/\/feuerwehr-meinsdorf.de\/index.php?rest_route=%2Fwp%2Fv2%2Fmedia&parent=204"}],"curies":[{"name":"wp","href":"https:\/\/api.w.org\/{rel}","templated":true}]}}